{"id":27538,"date":"2026-07-16T09:47:20","date_gmt":"2026-07-16T08:47:20","guid":{"rendered":"https:\/\/www.audiotec.es\/?page_id=27538"},"modified":"2026-08-24T12:44:44","modified_gmt":"2026-08-24T11:44:44","slug":"normativa-madrid","status":"publish","type":"page","link":"https:\/\/www.audiotec.es\/ca\/normativa-ruido\/normativa-madrid\/","title":{"rendered":"Normativa de soroll a Madrid"},"content":{"rendered":"<div data-elementor-type=\"wp-page\" data-elementor-id=\"27538\" class=\"elementor elementor-27538\" data-elementor-settings=\"{&quot;ha_cmc_init_switcher&quot;:&quot;no&quot;}\" data-elementor-post-type=\"page\">\n\t\t\t\t<div class=\"elementor-element elementor-element-3171587 e-flex e-con-boxed e-con e-parent\" data-id=\"3171587\" data-element_type=\"container\" data-e-type=\"container\" data-settings=\"{&quot;background_background&quot;:&quot;classic&quot;,&quot;_ha_eqh_enable&quot;:false}\">\n\t\t\t\t\t<div class=\"e-con-inner\">\n\t\t\t\t<div class=\"elementor-element elementor-element-029a0e0 elementor-widget elementor-widget-heading\" data-id=\"029a0e0\" data-element_type=\"widget\" data-e-type=\"widget\" data-widget_type=\"heading.default\">\n\t\t\t\t<div class=\"elementor-widget-container\">\n\t\t\t\t\t<h1 class=\"elementor-heading-title elementor-size-default\">Marco de Control Ac\u00fastico y Ordenanzas de Ruido en la Comunidad de Madrid<\/h1>\t\t\t\t<\/div>\n\t\t\t\t<\/div>\n\t\t\t\t\t<\/div>\n\t\t\t\t<\/div>\n\t\t<div class=\"elementor-element elementor-element-e0e95ad e-flex e-con-boxed e-con e-parent\" data-id=\"e0e95ad\" data-element_type=\"container\" data-e-type=\"container\" data-settings=\"{&quot;_ha_eqh_enable&quot;:false}\">\n\t\t\t\t\t<div class=\"e-con-inner\">\n\t\t<div class=\"elementor-element elementor-element-e8fa553 e-con-full e-flex e-con e-child\" data-id=\"e8fa553\" data-element_type=\"container\" data-e-type=\"container\" data-settings=\"{&quot;_ha_eqh_enable&quot;:false}\">\n\t\t\t\t<div class=\"elementor-element elementor-element-f054e71 elementor-widget elementor-widget-text-editor\" data-id=\"f054e71\" data-element_type=\"widget\" data-e-type=\"widget\" data-widget_type=\"text-editor.default\">\n\t\t\t\t<div class=\"elementor-widget-container\">\n\t\t\t\t\t\t\t\t\t<p data-path-to-node=\"4\">El cumplimiento de las directrices de control de ruido en la Comunidad de Madrid es un requisito fundamental tanto para la apertura y legalizaci\u00f3n de actividades comerciales e industriales como para la protecci\u00f3n del descanso en \u00e1reas residenciales. El marco reglamentario en la regi\u00f3n combina criterios generales de la administraci\u00f3n auton\u00f3mica con el cumplimiento estricto de las ordenanzas de protecci\u00f3n ac\u00fastica de cada municipio, siendo la capital y sus grandes n\u00facleos urbanos especialmente exigentes en sus inspecciones.<\/p><p data-path-to-node=\"5\"><span class=\"\">En <\/span><b class=\"\" data-path-to-node=\"5\" data-index-in-node=\"3\"><a class=\"ng-star-inserted\" href=\"https:\/\/www.audiotec.es\/ca\/\" target=\"_blank\" rel=\"noopener\">Audiotec<\/a><\/b><span class=\"\">,<\/span><span class=\"\"> como ingenier\u00eda ac\u00fastica integral con delegaci\u00f3n t\u00e9cnica en Madrid, ayudamos a empresas, promotores y particulares a verificar y asegurar el cumplimiento normativo mediante auditor\u00edas, proyectos de aislamiento e ingenier\u00eda de control del ruido.<\/span><\/p>\t\t\t\t\t\t\t\t<\/div>\n\t\t\t\t<\/div>\n\t\t\t\t<\/div>\n\t\t\t\t\t<\/div>\n\t\t\t\t<\/div>\n\t\t<div class=\"elementor-element elementor-element-8479b47 e-flex e-con-boxed e-con e-parent\" data-id=\"8479b47\" data-element_type=\"container\" data-e-type=\"container\" data-settings=\"{&quot;_ha_eqh_enable&quot;:false}\">\n\t\t\t\t\t<div class=\"e-con-inner\">\n\t\t<div class=\"elementor-element elementor-element-a3d5a62 e-con-full e-flex e-con e-child\" data-id=\"a3d5a62\" data-element_type=\"container\" data-e-type=\"container\" data-settings=\"{&quot;_ha_eqh_enable&quot;:false}\">\n\t\t\t\t<div class=\"elementor-element elementor-element-8cdbde5 elementor-widget elementor-widget-heading\" data-id=\"8cdbde5\" data-element_type=\"widget\" data-e-type=\"widget\" data-widget_type=\"heading.default\">\n\t\t\t\t<div class=\"elementor-widget-container\">\n\t\t\t\t\t<h2 class=\"elementor-heading-title elementor-size-default\">Directrices de gesti\u00f3n de la contaminaci\u00f3n ac\u00fastica en el entorno madrile\u00f1o<\/h2>\t\t\t\t<\/div>\n\t\t\t\t<\/div>\n\t\t\t\t<div class=\"elementor-element elementor-element-1111719 elementor-widget elementor-widget-text-editor\" data-id=\"1111719\" data-element_type=\"widget\" data-e-type=\"widget\" data-widget_type=\"text-editor.default\">\n\t\t\t\t<div class=\"elementor-widget-container\">\n\t\t\t\t\t\t\t\t\t<p data-path-to-node=\"8\">El control del impacto sonoro en Madrid se estructura para coordinar las competencias de las distintas administraciones y garantizar el confort en los recintos receptores:<\/p><ul data-path-to-node=\"9\"><li><p data-path-to-node=\"9,0,0\"><b data-path-to-node=\"9,0,0\" data-index-in-node=\"0\">Regulaci\u00f3n por Ordenanzas Municipales:<\/b> Cada ayuntamiento aplica criterios espec\u00edficos para regular el ruido generado por actividades comerciales, locales de p\u00fablica concurrencia, obras e instalaciones t\u00e9cnicas en edificios.<\/p><\/li><li><p data-path-to-node=\"9,1,0\"><b data-path-to-node=\"9,1,0\" data-index-in-node=\"0\">Evaluaci\u00f3n de Actividades e Instalaciones:<\/b> Es necesario justificar documental y experimentalmente que las actividades no superan los l\u00edmites de emisi\u00f3n ni transmiten molestias a los colindantes.<\/p><\/li><li><p data-path-to-node=\"9,2,0\"><b data-path-to-node=\"9,2,0\" data-index-in-node=\"0\">Control de Ruido de Obras y Reformas:<\/b> Las ordenanzas de los municipios madrile\u00f1os establecen limitaciones horarias y de uso de maquinaria pesada durante los d\u00edas laborables, fines de semana y festivos para proteger el descanso de los vecinos.<\/p><\/li><\/ul>\t\t\t\t\t\t\t\t<\/div>\n\t\t\t\t<\/div>\n\t\t\t\t<\/div>\n\t\t<div class=\"elementor-element elementor-element-3c971d3 e-con-full e-flex e-con e-child\" data-id=\"3c971d3\" data-element_type=\"container\" data-e-type=\"container\" data-settings=\"{&quot;_ha_eqh_enable&quot;:false}\">\n\t\t\t\t<div class=\"elementor-element elementor-element-c099fba elementor-widget elementor-widget-image\" data-id=\"c099fba\" data-element_type=\"widget\" data-e-type=\"widget\" data-widget_type=\"image.default\">\n\t\t\t\t<div class=\"elementor-widget-container\">\n\t\t\t\t\t\t\t\t\t\t\t\t\t\t\t<img fetchpriority=\"high\" decoding=\"async\" width=\"1024\" height=\"768\" src=\"https:\/\/www.audiotec.es\/wp-content\/uploads\/00-2048x1536-1-1024x768.jpg\" class=\"attachment-large size-large wp-image-25366\" alt=\"\" srcset=\"https:\/\/www.audiotec.es\/wp-content\/uploads\/00-2048x1536-1-1024x768.jpg 1024w, https:\/\/www.audiotec.es\/wp-content\/uploads\/00-2048x1536-1-300x225.jpg 300w, https:\/\/www.audiotec.es\/wp-content\/uploads\/00-2048x1536-1-768x576.jpg 768w, https:\/\/www.audiotec.es\/wp-content\/uploads\/00-2048x1536-1-1536x1152.jpg 1536w, https:\/\/www.audiotec.es\/wp-content\/uploads\/00-2048x1536-1.jpg 2048w\" sizes=\"(max-width: 1024px) 100vw, 1024px\" \/>\t\t\t\t\t\t\t\t\t\t\t\t\t\t\t<\/div>\n\t\t\t\t<\/div>\n\t\t\t\t<\/div>\n\t\t\t\t\t<\/div>\n\t\t\t\t<\/div>\n\t\t<div class=\"elementor-element elementor-element-aab1db0 e-flex e-con-boxed e-con e-parent\" data-id=\"aab1db0\" data-element_type=\"container\" data-e-type=\"container\" data-settings=\"{&quot;_ha_eqh_enable&quot;:false}\">\n\t\t\t\t\t<div class=\"e-con-inner\">\n\t\t<div class=\"elementor-element elementor-element-b0ad043 e-con-full e-flex e-con e-child\" data-id=\"b0ad043\" data-element_type=\"container\" data-e-type=\"container\" data-settings=\"{&quot;_ha_eqh_enable&quot;:false}\">\n\t\t\t\t<div class=\"elementor-element elementor-element-f37a37d elementor-widget elementor-widget-heading\" data-id=\"f37a37d\" data-element_type=\"widget\" data-e-type=\"widget\" data-widget_type=\"heading.default\">\n\t\t\t\t<div class=\"elementor-widget-container\">\n\t\t\t\t\t<h2 class=\"elementor-heading-title elementor-size-default\">Evaluaci\u00f3n de inmisi\u00f3n sonora y franjas horarias<\/h2>\t\t\t\t<\/div>\n\t\t\t\t<\/div>\n\t\t\t\t<div class=\"elementor-element elementor-element-81981ae elementor-widget elementor-widget-text-editor\" data-id=\"81981ae\" data-element_type=\"widget\" data-e-type=\"widget\" data-widget_type=\"text-editor.default\">\n\t\t\t\t<div class=\"elementor-widget-container\">\n\t\t\t\t\t\t\t\t\t<p data-path-to-node=\"12\">Las normativas locales en Madrid eval\u00faan los niveles de inmisi\u00f3n de ruido recibidos en el interior de los inmuebles (especialmente en \u00e1reas residenciales) en funci\u00f3n del per\u00edodo del d\u00eda:<\/p><ul data-path-to-node=\"13\"><li><p data-path-to-node=\"13,0,0\"><b data-path-to-node=\"13,0,0\" data-index-in-node=\"0\">Per\u00edodos Diurno y Vespertino:<\/b> Franjas orientadas a permitir la actividad socioecon\u00f3mica y el funcionamiento de servicios garantizando niveles adecuados de confort.<\/p><\/li><li><p data-path-to-node=\"13,1,0\"><b data-path-to-node=\"13,1,0\" data-index-in-node=\"0\">Per\u00edodo Nocturno:<\/b> Tramo horario de m\u00e1xima exigencia en el que se fijan las restricciones de inmisi\u00f3n m\u00e1s estrictas para salvaguardar el descanso en dormitorios y espacios residenciales.<\/p><\/li><\/ul><blockquote data-path-to-node=\"14\"><p data-path-to-node=\"14,0\"><b data-path-to-node=\"14,0\" data-index-in-node=\"0\">Criterio de Evaluaci\u00f3n:<\/b> Para determinar si existe superaci\u00f3n de l\u00edmites, se realizan mediciones in situ calculando el nivel continuo equivalente y aplicando correcciones por presencia de componentes tonales, bajas frecuencias o caracter\u00edsticas impulsivas del ruido.<\/p><\/blockquote>\t\t\t\t\t\t\t\t<\/div>\n\t\t\t\t<\/div>\n\t\t\t\t<\/div>\n\t\t\t\t\t<\/div>\n\t\t\t\t<\/div>\n\t\t<div class=\"elementor-element elementor-element-3ca8b0c e-flex e-con-boxed e-con e-parent\" data-id=\"3ca8b0c\" data-element_type=\"container\" data-e-type=\"container\" data-settings=\"{&quot;_ha_eqh_enable&quot;:false}\">\n\t\t\t\t\t<div class=\"e-con-inner\">\n\t\t<div class=\"elementor-element elementor-element-a9f7530 e-con-full e-flex e-con e-child\" data-id=\"a9f7530\" data-element_type=\"container\" data-e-type=\"container\" data-settings=\"{&quot;_ha_eqh_enable&quot;:false}\">\n\t\t\t\t<div class=\"elementor-element elementor-element-7cf8e8e elementor-widget elementor-widget-heading\" data-id=\"7cf8e8e\" data-element_type=\"widget\" data-e-type=\"widget\" data-widget_type=\"heading.default\">\n\t\t\t\t<div class=\"elementor-widget-container\">\n\t\t\t\t\t<h2 class=\"elementor-heading-title elementor-size-default\">Criterios de ingenier\u00eda Audiotec para garantizar la legalizaci\u00f3n<\/h2>\t\t\t\t<\/div>\n\t\t\t\t<\/div>\n\t\t\t\t<div class=\"elementor-element elementor-element-f57e8a5 elementor-widget elementor-widget-text-editor\" data-id=\"f57e8a5\" data-element_type=\"widget\" data-e-type=\"widget\" data-widget_type=\"text-editor.default\">\n\t\t\t\t<div class=\"elementor-widget-container\">\n\t\t\t\t\t\t\t\t\t<ul><li><p data-path-to-node=\"21,0,0\"><b data-path-to-node=\"21,0,0\" data-index-in-node=\"0\">Instrumentaci\u00f3n Homologada:<\/b> Toda medici\u00f3n oficial de ruido en la Comunidad de Madrid debe ejecutarse obligatoriamente con son\u00f3metros de precisi\u00f3n Clase 1 con el certificado de verificaci\u00f3n metrol\u00f3gica anual en vigor.<\/p><\/li><li><p data-path-to-node=\"21,1,0\"><b data-path-to-node=\"21,1,0\" data-index-in-node=\"0\">Estudios Predictivos para Climatizaci\u00f3n:<\/b> La instalaci\u00f3n de unidades exteriores, chillers o extractores en cubiertas y patios interiores requiere un estudio predictivo previo y la aplicaci\u00f3n de pantallas o silenciadores para evitar quejas vecinales.<\/p><\/li><li><p data-path-to-node=\"21,2,0\"><b data-path-to-node=\"21,2,0\" data-index-in-node=\"0\">Mantenimiento y Control de Limitadores:<\/b> Garantizar que los equipos de limitaci\u00f3n f\u00f3nica est\u00e9n calibrados e integrados correctamente evita sanciones administrativas o la suspensi\u00f3n cautelar de la actividad.<\/p><\/li><\/ul>\t\t\t\t\t\t\t\t<\/div>\n\t\t\t\t<\/div>\n\t\t\t\t<\/div>\n\t\t\t\t\t<\/div>\n\t\t\t\t<\/div>\n\t\t<div class=\"elementor-element elementor-element-c7bc8b0 elementor-hidden-desktop elementor-hidden-tablet elementor-hidden-mobile e-flex e-con-boxed e-con e-parent\" data-id=\"c7bc8b0\" data-element_type=\"container\" data-e-type=\"container\" data-settings=\"{&quot;_ha_eqh_enable&quot;:false}\">\n\t\t\t\t\t<div class=\"e-con-inner\">\n\t\t\t\t<div class=\"elementor-element elementor-element-1effb23 elementor-widget elementor-widget-heading\" data-id=\"1effb23\" data-element_type=\"widget\" data-e-type=\"widget\" data-widget_type=\"heading.default\">\n\t\t\t\t<div class=\"elementor-widget-container\">\n\t\t\t\t\t<h2 class=\"elementor-heading-title elementor-size-default\">Normativas de ruido en otras Comunidades Aut\u00f3nomas<\/h2>\t\t\t\t<\/div>\n\t\t\t\t<\/div>\n\t\t\t\t<div class=\"elementor-element elementor-element-8205822 elementor-widget elementor-widget-text-editor\" data-id=\"8205822\" data-element_type=\"widget\" data-e-type=\"widget\" data-widget_type=\"text-editor.default\">\n\t\t\t\t<div class=\"elementor-widget-container\">\n\t\t\t\t\t\t\t\t\t<p data-path-to-node=\"34\">Si necesita consultar la legislaci\u00f3n ac\u00fastica y los l\u00edmites de decibelios permitidos en otras regiones de Espa\u00f1a, acceda a nuestras gu\u00edas espec\u00edficas por zonas:<\/p><ul data-path-to-node=\"35\"><li><p data-path-to-node=\"35,0,0\"><b data-path-to-node=\"35,0,0\" data-index-in-node=\"0\"><a class=\"ng-star-inserted\" href=\"https:\/\/www.audiotec.es\/ca\/normativa-de-soroll\/normativa-ruido-cataluna\/\" target=\"_blank\" rel=\"noopener\">Legislaci\u00f3n ac\u00fastica en Catalu\u00f1a<\/a><\/b>\u00a0<\/p><\/li><li><p data-path-to-node=\"35,1,0\"><b data-path-to-node=\"35,1,0\" data-index-in-node=\"0\"><a class=\"ng-star-inserted\" href=\"https:\/\/www.audiotec.es\/ca\/normativa-de-soroll\/normativa-de-ruido-en-pais-vasco\/\" target=\"_blank\" rel=\"noopener\">Normativa y control de ruido en el Pa\u00eds Vasco<\/a><\/b>\u00a0<\/p><\/li><li><p data-path-to-node=\"35,2,0\"><b data-path-to-node=\"35,2,0\" data-index-in-node=\"0\"><a class=\"ng-star-inserted\" href=\"https:\/\/www.audiotec.es\/ca\/normativa-de-soroll\/normativa-de-soroll-a-llevant\/\" target=\"_blank\" rel=\"noopener\">Leyes de contaminaci\u00f3n ac\u00fastica en Levante<\/a><\/b>\u00a0<\/p><\/li><li><p data-path-to-node=\"35,3,0\"><b data-path-to-node=\"35,3,0\" data-index-in-node=\"0\"><a class=\"ng-star-inserted\" href=\"https:\/\/www.audiotec.es\/ca\/normativa-de-soroll\/normativa-castilla-leon\/\" target=\"_blank\" rel=\"noopener\">Normativa de ruidos en Castilla y Le\u00f3n<\/a><\/b>\u00a0<\/p><\/li><\/ul>\t\t\t\t\t\t\t\t<\/div>\n\t\t\t\t<\/div>\n\t\t\t\t\t<\/div>\n\t\t\t\t<\/div>\n\t\t<div class=\"elementor-element elementor-element-146b715 e-flex e-con-boxed e-con e-parent\" data-id=\"146b715\" data-element_type=\"container\" data-e-type=\"container\" data-settings=\"{&quot;_ha_eqh_enable&quot;:false}\">\n\t\t\t\t\t<div class=\"e-con-inner\">\n\t\t\t\t<div class=\"elementor-element elementor-element-41a6bf6 elementor-widget elementor-widget-heading\" data-id=\"41a6bf6\" data-element_type=\"widget\" data-e-type=\"widget\" data-widget_type=\"heading.default\">\n\t\t\t\t<div class=\"elementor-widget-container\">\n\t\t\t\t\t<h2 class=\"elementor-heading-title elementor-size-default\">Soluciones de ingenier\u00eda y mediciones ac\u00fasticas en Madrid<\/h2>\t\t\t\t<\/div>\n\t\t\t\t<\/div>\n\t\t\t\t<div class=\"elementor-element elementor-element-2600080 elementor-widget elementor-widget-text-editor\" data-id=\"2600080\" data-element_type=\"widget\" data-e-type=\"widget\" data-widget_type=\"text-editor.default\">\n\t\t\t\t<div class=\"elementor-widget-container\">\n\t\t\t\t\t\t\t\t\t<p>\u00bfNecesitas realizar un estudio predictivo, certificar el aislamiento de tu local o llevar a cabo una auditor\u00eda ac\u00fastica oficial en cualquier municipio de la Comunidad de Madrid? En <a href=\"https:\/\/www.audiotec.es\/ca\/\"><b data-path-to-node=\"24\" data-index-in-node=\"181\">Audiotec<\/b> <\/a>ponemos a tu disposici\u00f3n nuestro equipo de ingenieros para asegurar el \u00e9xito y la seguridad jur\u00eddica de tu proyecto.<\/p>\t\t\t\t\t\t\t\t<\/div>\n\t\t\t\t<\/div>\n\t\t\t\t\t<\/div>\n\t\t\t\t<\/div>\n\t\t<div class=\"elementor-element elementor-element-a70d312 e-flex e-con-boxed e-con e-parent\" data-id=\"a70d312\" data-element_type=\"container\" data-e-type=\"container\" data-settings=\"{&quot;background_background&quot;:&quot;classic&quot;,&quot;_ha_eqh_enable&quot;:false}\">\n\t\t\t\t\t<div class=\"e-con-inner\">\n\t\t<div class=\"elementor-element elementor-element-b313ef9 e-con-full e-flex e-con e-child\" data-id=\"b313ef9\" data-element_type=\"container\" data-e-type=\"container\" data-settings=\"{&quot;_ha_eqh_enable&quot;:false}\">\n\t\t\t\t<div class=\"elementor-element elementor-element-fb579dd elementor-widget elementor-widget-heading\" data-id=\"fb579dd\" data-element_type=\"widget\" data-e-type=\"widget\" data-widget_type=\"heading.default\">\n\t\t\t\t<div class=\"elementor-widget-container\">\n\t\t\t\t\t<h2 class=\"elementor-heading-title elementor-size-default\">Us podem ajudar?<\/h2>\t\t\t\t<\/div>\n\t\t\t\t<\/div>\n\t\t\t\t<div class=\"elementor-element elementor-element-edd13d4 elementor-widget elementor-widget-text-editor\" data-id=\"edd13d4\" data-element_type=\"widget\" data-e-type=\"widget\" data-widget_type=\"text-editor.default\">\n\t\t\t\t<div class=\"elementor-widget-container\">\n\t\t\t\t\t\t\t\t\t<p>Si necessites m\u00e9s informaci\u00f3 sobre les nostres solucions en Enginyeria Ac\u00fastica, contacta amb nosaltres i et resoldrem tots els teus dubtes<\/p>\t\t\t\t\t\t\t\t<\/div>\n\t\t\t\t<\/div>\n\t\t\t\t<\/div>\n\t\t<div class=\"elementor-element elementor-element-add4157 e-con-full e-flex e-con e-child\" data-id=\"add4157\" data-element_type=\"container\" data-e-type=\"container\" data-settings=\"{&quot;_ha_eqh_enable&quot;:false}\">\n\t\t\t\t<div class=\"elementor-element elementor-element-546d9a2 cta-boost elementor-widget elementor-widget-button\" data-id=\"546d9a2\" data-element_type=\"widget\" data-e-type=\"widget\" data-widget_type=\"button.default\">\n\t\t\t\t<div class=\"elementor-widget-container\">\n\t\t\t\t\t\t\t\t\t<div class=\"elementor-button-wrapper\">\n\t\t\t\t\t<a class=\"elementor-button elementor-button-link elementor-size-sm\" href=\"https:\/\/www.audiotec.es\/ca\/contacto\/\">\n\t\t\t\t\t\t<span class=\"elementor-button-content-wrapper\">\n\t\t\t\t\t\t\t\t\t<span class=\"elementor-button-text\">Sol\u00b7licitar informaci\u00f3<\/span>\n\t\t\t\t\t<\/span>\n\t\t\t\t\t<\/a>\n\t\t\t\t<\/div>\n\t\t\t\t\t\t\t\t<\/div>\n\t\t\t\t<\/div>\n\t\t\t\t<\/div>\n\t\t\t\t\t<\/div>\n\t\t\t\t<\/div>\n\t\t<div class=\"elementor-element elementor-element-4946d2e e-flex e-con-boxed e-con e-parent\" data-id=\"4946d2e\" data-element_type=\"container\" data-e-type=\"container\" data-settings=\"{&quot;_ha_eqh_enable&quot;:false}\">\n\t\t\t\t\t<div class=\"e-con-inner\">\n\t\t\t\t<div class=\"elementor-element elementor-element-121baaf elementor-widget elementor-widget-spacer\" data-id=\"121baaf\" data-element_type=\"widget\" data-e-type=\"widget\" data-widget_type=\"spacer.default\">\n\t\t\t\t<div class=\"elementor-widget-container\">\n\t\t\t\t\t\t\t<div class=\"elementor-spacer\">\n\t\t\t<div class=\"elementor-spacer-inner\"><\/div>\n\t\t<\/div>\n\t\t\t\t\t\t<\/div>\n\t\t\t\t<\/div>\n\t\t\t\t\t<\/div>\n\t\t\t\t<\/div>\n\t\t\t\t<\/div>","protected":false},"excerpt":{"rendered":"<p>Marco de Control Ac\u00fastico y Ordenanzas de Ruido en la Comunidad de Madrid El cumplimiento de las directrices de control de ruido en la Comunidad de Madrid es un requisito fundamental tanto para la apertura y legalizaci\u00f3n de actividades comerciales e industriales como para la protecci\u00f3n del descanso en \u00e1reas residenciales. El marco reglamentario en [&hellip;]<\/p>\n","protected":false},"author":12,"featured_media":0,"parent":27530,"menu_order":0,"comment_status":"closed","ping_status":"closed","template":"elementor_header_footer","meta":{"footnotes":""},"yst_prominent_words":[],"class_list":{"0":"post-27538","1":"page","2":"type-page","3":"status-publish","5":"entry"},"_links":{"self":[{"href":"https:\/\/www.audiotec.es\/ca\/wp-json\/wp\/v2\/pages\/27538","targetHints":{"allow":["GET"]}}],"collection":[{"href":"https:\/\/www.audiotec.es\/ca\/wp-json\/wp\/v2\/pages"}],"about":[{"href":"https:\/\/www.audiotec.es\/ca\/wp-json\/wp\/v2\/types\/page"}],"author":[{"embeddable":true,"href":"https:\/\/www.audiotec.es\/ca\/wp-json\/wp\/v2\/users\/12"}],"replies":[{"embeddable":true,"href":"https:\/\/www.audiotec.es\/ca\/wp-json\/wp\/v2\/comments?post=27538"}],"version-history":[{"count":10,"href":"https:\/\/www.audiotec.es\/ca\/wp-json\/wp\/v2\/pages\/27538\/revisions"}],"predecessor-version":[{"id":27930,"href":"https:\/\/www.audiotec.es\/ca\/wp-json\/wp\/v2\/pages\/27538\/revisions\/27930"}],"up":[{"embeddable":true,"href":"https:\/\/www.audiotec.es\/ca\/wp-json\/wp\/v2\/pages\/27530"}],"wp:attachment":[{"href":"https:\/\/www.audiotec.es\/ca\/wp-json\/wp\/v2\/media?parent=27538"}],"wp:term":[{"taxonomy":"yst_prominent_words","embeddable":true,"href":"https:\/\/www.audiotec.es\/ca\/wp-json\/wp\/v2\/yst_prominent_words?post=27538"}],"curies":[{"name":"wp","href":"https:\/\/api.w.org\/{rel}","templated":true}]}}